{"id":457,"date":"2025-03-23T11:04:38","date_gmt":"2025-03-23T10:04:38","guid":{"rendered":"https:\/\/institutpourlademocratie.com\/?page_id=457"},"modified":"2025-03-23T11:23:42","modified_gmt":"2025-03-23T10:23:42","slug":"who-are-we","status":"publish","type":"page","link":"https:\/\/institutpourlademocratie.com\/?page_id=457","title":{"rendered":"Who are we ?"},"content":{"rendered":"\t\t<div data-elementor-type=\"wp-page\" data-elementor-id=\"457\" class=\"elementor elementor-457\">\n\t\t\t\t<div class=\"elementor-element elementor-element-168b8af e-flex e-con-boxed e-con e-parent\" data-id=\"168b8af\" data-element_type=\"container\" data-e-type=\"container\">\n\t\t\t\t\t<div class=\"e-con-inner\">\n\t\t\t\t<div class=\"elementor-element elementor-element-e67c778 elementor-widget elementor-widget-heading\" data-id=\"e67c778\" data-element_type=\"widget\" data-e-type=\"widget\" data-widget_type=\"heading.default\">\n\t\t\t\t<div class=\"elementor-widget-container\">\n\t\t\t\t\t<h5 class=\"elementor-heading-title elementor-size-default\">Founder &amp; President :<\/h5>\t\t\t\t<\/div>\n\t\t\t\t<\/div>\n\t\t\t\t\t<\/div>\n\t\t\t\t<\/div>\n\t\t<div class=\"elementor-element elementor-element-e1eab87 e-flex e-con-boxed e-con e-parent\" data-id=\"e1eab87\" data-element_type=\"container\" data-e-type=\"container\">\n\t\t\t\t\t<div class=\"e-con-inner\">\n\t\t\t\t<div class=\"elementor-element elementor-element-40fc6e8 elementor-widget elementor-widget-text-editor\" data-id=\"40fc6e8\" data-element_type=\"widget\" data-e-type=\"widget\" data-widget_type=\"text-editor.default\">\n\t\t\t\t<div class=\"elementor-widget-container\">\n\t\t\t\t\t\t\t\t\t<ul><li>\u00a0<span style=\"text-indent: -18pt; font-family: var( --e-global-typography-text-font-family ), Sans-serif; text-align: var(--text-align); caret-color: #000000; color: #000000; font-size: 12pt;\"><a href=\"https:\/\/institutpourlademocratie.com\/?page_id=199\"><u><b>Guy Lardeyret<\/b><\/u><\/a>,\u00a0<\/span><span style=\"text-indent: -18pt; font-family: var( --e-global-typography-text-font-family ), Sans-serif; text-align: var(--text-align); caret-color: #000000; color: #000000; font-size: 12pt;\">political scientist<\/span><\/li><\/ul>\t\t\t\t\t\t\t\t<\/div>\n\t\t\t\t<\/div>\n\t\t\t\t\t<\/div>\n\t\t\t\t<\/div>\n\t\t<div class=\"elementor-element elementor-element-812c525 e-flex e-con-boxed e-con e-parent\" data-id=\"812c525\" data-element_type=\"container\" data-e-type=\"container\">\n\t\t\t\t\t<div class=\"e-con-inner\">\n\t\t\t\t<div class=\"elementor-element elementor-element-a06b6ff elementor-widget elementor-widget-heading\" data-id=\"a06b6ff\" data-element_type=\"widget\" data-e-type=\"widget\" data-widget_type=\"heading.default\">\n\t\t\t\t<div class=\"elementor-widget-container\">\n\t\t\t\t\t<h5 class=\"elementor-heading-title elementor-size-default\">Co-fondateurs :<\/h5>\t\t\t\t<\/div>\n\t\t\t\t<\/div>\n\t\t\t\t\t<\/div>\n\t\t\t\t<\/div>\n\t\t<div class=\"elementor-element elementor-element-2c9cd72 e-flex e-con-boxed e-con e-parent\" data-id=\"2c9cd72\" data-element_type=\"container\" data-e-type=\"container\">\n\t\t\t\t\t<div class=\"e-con-inner\">\n\t\t\t\t<div class=\"elementor-element elementor-element-60b999f elementor-widget elementor-widget-text-editor\" data-id=\"60b999f\" data-element_type=\"widget\" data-e-type=\"widget\" data-widget_type=\"text-editor.default\">\n\t\t\t\t<div class=\"elementor-widget-container\">\n\t\t\t\t\t\t\t\t\t<ul><li>\u00a0<span style=\"font-family: var( --e-global-typography-text-font-family ), Sans-serif; font-size: var(--wp--preset--font-size--normal);\"><b>Jean Foyer<\/b> (1921-2008), <\/span><span style=\"text-align: var(--text-align); font-family: var( --e-global-typography-text-font-family ), Sans-serif; caret-color: #000000; color: #000000; font-size: medium;\">president of the Commission of Laws <\/span><span style=\"text-align: var(--text-align); font-family: var( --e-global-typography-text-font-family ), Sans-serif; caret-color: #000000; color: #000000; font-size: medium;\">of the National Assembly, past Government Minister, member\u00a0<\/span><span style=\"text-align: var(--text-align); caret-color: #000000; color: #000000; font-family: Calibri, sans-serif; font-size: 12pt;\">of Acad\u00e9mie des Sciences morales et politiques<\/span><\/li><\/ul>\t\t\t\t\t\t\t\t<\/div>\n\t\t\t\t<\/div>\n\t\t\t\t\t<\/div>\n\t\t\t\t<\/div>\n\t\t<div class=\"elementor-element elementor-element-6a69902 e-flex e-con-boxed e-con e-parent\" data-id=\"6a69902\" data-element_type=\"container\" data-e-type=\"container\">\n\t\t\t\t\t<div class=\"e-con-inner\">\n\t\t\t\t<div class=\"elementor-element elementor-element-2ec1091 elementor-widget elementor-widget-text-editor\" data-id=\"2ec1091\" data-element_type=\"widget\" data-e-type=\"widget\" data-widget_type=\"text-editor.default\">\n\t\t\t\t<div class=\"elementor-widget-container\">\n\t\t\t\t\t\t\t\t\t<ul><li><b>\u00a0<\/b><span style=\"text-indent: -18pt; font-family: var( --e-global-typography-text-font-family ), Sans-serif; text-align: var(--text-align); font-size: var(--wp--preset--font-size--normal); color: #4472c4;\"><a href=\"https:\/\/institutpourlademocratie.com\/?page_id=138\"><u><b>Jean Baechler<\/b><\/u><\/a>\u00a0<\/span><span style=\"text-indent: -18pt; font-family: var( --e-global-typography-text-font-family ), Sans-serif; text-align: var(--text-align); font-size: var(--wp--preset--font-size--normal);\">(1937-2022),\u00a0<\/span><span style=\"text-indent: -18pt; font-family: var( --e-global-typography-text-font-family ), Sans-serif; text-align: var(--text-align); caret-color: #000000; color: #000000; font-size: medium;\">chairman teacher of <\/span><span style=\"text-indent: -18pt; font-family: var( --e-global-typography-text-font-family ), Sans-serif; text-align: var(--text-align); caret-color: #000000; color: #000000; font-size: medium;\">department of historical sociology at the Sorbonne, member<\/span> <span style=\"text-indent: -18pt; text-align: var(--text-align); caret-color: #000000; color: #000000; font-size: 12pt; font-family: Calibri, sans-serif;\">of Acad\u00e9mie des Sciences morales et politiques<\/span><\/li><\/ul>\t\t\t\t\t\t\t\t<\/div>\n\t\t\t\t<\/div>\n\t\t\t\t<div class=\"elementor-element elementor-element-058f3d5 elementor-widget elementor-widget-text-editor\" data-id=\"058f3d5\" data-element_type=\"widget\" data-e-type=\"widget\" data-widget_type=\"text-editor.default\">\n\t\t\t\t<div class=\"elementor-widget-container\">\n\t\t\t\t\t\t\t\t\t<ul><li><span style=\"text-indent: -18pt; font-family: var( --e-global-typography-text-font-family ), Sans-serif; text-align: var(--text-align); font-size: var(--wp--preset--font-size--normal);\"><strong>Bernard Owen<\/strong> (1928-2023), <\/span><span style=\"text-indent: -18pt; font-family: var( --e-global-typography-text-font-family ), Sans-serif; text-align: var(--text-align); caret-color: #000000; color: #000000; font-size: medium;\">Doctor of Law, general secretary <\/span><span style=\"font-family: var( --e-global-typography-text-font-family ), Sans-serif; text-align: var(--text-align); caret-color: #000000; color: #000000; font-size: medium; text-indent: 35.4pt;\">of the Centre d\u2019\u00e9tudes comparatives des \u00e9lections (Universi\u00e9 <\/span><span style=\"text-indent: -18pt; text-align: var(--text-align); caret-color: #000000; color: #000000; font-family: Calibri, sans-serif; font-size: 12pt;\">de Droit, Paris 2)<\/span><\/li><\/ul>\t\t\t\t\t\t\t\t<\/div>\n\t\t\t\t<\/div>\n\t\t\t\t\t<\/div>\n\t\t\t\t<\/div>\n\t\t\t\t<\/div>\n\t\t","protected":false},"excerpt":{"rendered":"<p>Founder &amp; President : \u00a0Guy Lardeyret,\u00a0political scientist Co-fondateurs : \u00a0Jean Foyer (1921-2008), president of the Commission of Laws of the National Assembly, past Government Minister, member\u00a0of Acad\u00e9mie des Sciences morales et politiques \u00a0Jean Baechler\u00a0(1937-2022),\u00a0chairman teacher of department of historical sociology at the Sorbonne, member of Acad\u00e9mie des Sciences morales et politiques Bernard Owen (1928-2023), Doctor [&hellip;]<\/p>\n","protected":false},"author":2,"featured_media":0,"parent":0,"menu_order":0,"comment_status":"closed","ping_status":"closed","template":"","meta":{"footnotes":""},"class_list":["post-457","page","type-page","status-publish","hentry"],"_links":{"self":[{"href":"https:\/\/institutpourlademocratie.com\/index.php?rest_route=\/wp\/v2\/pages\/457","targetHints":{"allow":["GET"]}}],"collection":[{"href":"https:\/\/institutpourlademocratie.com\/index.php?rest_route=\/wp\/v2\/pages"}],"about":[{"href":"https:\/\/institutpourlademocratie.com\/index.php?rest_route=\/wp\/v2\/types\/page"}],"author":[{"embeddable":true,"href":"https:\/\/institutpourlademocratie.com\/index.php?rest_route=\/wp\/v2\/users\/2"}],"replies":[{"embeddable":true,"href":"https:\/\/institutpourlademocratie.com\/index.php?rest_route=%2Fwp%2Fv2%2Fcomments&post=457"}],"version-history":[{"count":10,"href":"https:\/\/institutpourlademocratie.com\/index.php?rest_route=\/wp\/v2\/pages\/457\/revisions"}],"predecessor-version":[{"id":473,"href":"https:\/\/institutpourlademocratie.com\/index.php?rest_route=\/wp\/v2\/pages\/457\/revisions\/473"}],"wp:attachment":[{"href":"https:\/\/institutpourlademocratie.com\/index.php?rest_route=%2Fwp%2Fv2%2Fmedia&parent=457"}],"curies":[{"name":"wp","href":"https:\/\/api.w.org\/{rel}","templated":true}]}}