{"id":199,"date":"2025-02-01T09:01:12","date_gmt":"2025-02-01T08:01:12","guid":{"rendered":"https:\/\/institutpourlademocratie.com\/?page_id=199"},"modified":"2025-02-01T19:55:32","modified_gmt":"2025-02-01T18:55:32","slug":"guy-lardeyret","status":"publish","type":"page","link":"https:\/\/institutpourlademocratie.com\/?page_id=199","title":{"rendered":"Guy Lardeyret"},"content":{"rendered":"\t\t<div data-elementor-type=\"wp-page\" data-elementor-id=\"199\" class=\"elementor elementor-199\">\n\t\t\t\t<div class=\"elementor-element elementor-element-deeb972 e-flex e-con-boxed e-con e-parent\" data-id=\"deeb972\" data-element_type=\"container\" data-e-type=\"container\">\n\t\t\t\t\t<div class=\"e-con-inner\">\n\t\t\t\t<div class=\"elementor-element elementor-element-f05cbfa elementor-widget elementor-widget-image\" data-id=\"f05cbfa\" data-element_type=\"widget\" data-e-type=\"widget\" data-widget_type=\"image.default\">\n\t\t\t\t<div class=\"elementor-widget-container\">\n\t\t\t\t\t\t\t\t\t\t\t\t\t\t\t<img decoding=\"async\" width=\"159\" height=\"220\" src=\"https:\/\/institutpourlademocratie.com\/wp-content\/uploads\/2025\/01\/photo-identite-lardeyret-159x220-1.png\" class=\"attachment-large size-large wp-image-82\" alt=\"\" \/>\t\t\t\t\t\t\t\t\t\t\t\t\t\t\t<\/div>\n\t\t\t\t<\/div>\n\t\t\t\t\t<\/div>\n\t\t\t\t<\/div>\n\t\t<div class=\"elementor-element elementor-element-7ed1c43 e-flex e-con-boxed e-con e-parent\" data-id=\"7ed1c43\" data-element_type=\"container\" data-e-type=\"container\">\n\t\t\t\t\t<div class=\"e-con-inner\">\n\t\t\t\t<div class=\"elementor-element elementor-element-155addf elementor-widget elementor-widget-spacer\" data-id=\"155addf\" data-element_type=\"widget\" data-e-type=\"widget\" data-widget_type=\"spacer.default\">\n\t\t\t\t<div class=\"elementor-widget-container\">\n\t\t\t\t\t\t\t<div class=\"elementor-spacer\">\n\t\t\t<div class=\"elementor-spacer-inner\"><\/div>\n\t\t<\/div>\n\t\t\t\t\t\t<\/div>\n\t\t\t\t<\/div>\n\t\t\t\t\t<\/div>\n\t\t\t\t<\/div>\n\t\t<div class=\"elementor-element elementor-element-8996af3 e-flex e-con-boxed e-con e-parent\" data-id=\"8996af3\" data-element_type=\"container\" data-e-type=\"container\">\n\t\t\t\t\t<div class=\"e-con-inner\">\n\t\t<div class=\"elementor-element elementor-element-feb16b6 e-con-full e-flex e-con e-child\" data-id=\"feb16b6\" data-element_type=\"container\" data-e-type=\"container\">\n\t\t\t\t<div class=\"elementor-element elementor-element-1438b24 elementor-widget elementor-widget-text-editor\" data-id=\"1438b24\" data-element_type=\"widget\" data-e-type=\"widget\" data-widget_type=\"text-editor.default\">\n\t\t\t\t<div class=\"elementor-widget-container\">\n\t\t\t\t\t\t\t\t\t<p style=\"margin: 0cm; font-size: medium; font-family: Calibri, sans-serif; caret-color: #000000; color: #000000; text-align: justify;\"><b style=\"text-align: start;\"><span style=\"font-size: 10.5pt; font-family: Arial, sans-serif; color: #202122;\">Guy Lardeyret<\/span><\/b><span style=\"text-align: start; font-size: 10.5pt; font-family: Arial, sans-serif; color: #202122;\">\u00a0est un politologue fran\u00e7ais, pr\u00e9sident de l&rsquo;Institut pour la d\u00e9mocratie, centre de recherche en sciences politiques fond\u00e9 en 1986.<\/span><\/p><p style=\"margin: 0cm; font-size: medium; font-family: Calibri, sans-serif; caret-color: #000000; color: #000000; text-align: justify;\"><span style=\"text-align: start; font-size: 10.5pt; font-family: Arial, sans-serif; color: #202122;\">\u00a0<\/span><\/p><p style=\"margin: 0cm; font-size: medium; font-family: Calibri, sans-serif; caret-color: #000000; color: #000000; text-align: justify;\"><span style=\"font-family: Georgia, serif; font-size: 18pt; text-align: var(--text-align);\">Biographie<\/span><\/p><div style=\"border-width: medium medium 1pt; border-top-style: none; border-right-style: none; border-left-style: none; border-color: currentcolor currentcolor #a2a9b1; padding: 0cm;\"><p style=\"caret-color: #000000; color: #000000; margin: 6pt 0cm; font-size: medium; font-family: Calibri, sans-serif;\"><span style=\"font-size: 10.5pt; font-family: Arial, sans-serif; color: #202122;\">Guy Lardeyret est dipl\u00f4m\u00e9 de l&rsquo;ESCP, MBA de l\u2019universit\u00e9 du Michigan. Il a suivi les enseignements de\u00a0<\/span><a title=\"Jean B\u00e6chler\" href=\"https:\/\/www.wikiberal.org\/wiki\/Jean_B%C3%A6chler\"><span style=\"font-size: 10.5pt; font-family: Arial, sans-serif; color: #0b0080;\">Jean B\u00e6chler<\/span><\/a><span style=\"font-size: 10.5pt; font-family: Arial, sans-serif; color: #202122;\">\u00a0en philosophie politique, de Jean-Marie Cotteret en sciences de la communication, et de Bernard Owen en processus \u00e9lectoraux. Il est membre de l\u2019association des constitutionnalistes.<\/span><\/p><p style=\"caret-color: #000000; color: #000000; margin: 6pt 0cm; font-size: medium; font-family: Calibri, sans-serif;\"><span style=\"font-size: 10.5pt; font-family: Arial, sans-serif; color: #202122;\">Apr\u00e8s avoir assist\u00e9\u00a0<\/span><a title=\"Yvon Gattaz\" href=\"https:\/\/www.wikiberal.org\/wiki\/Yvon_Gattaz\"><span style=\"font-size: 10.5pt; font-family: Arial, sans-serif; color: #0b0080;\">Yvon Gattaz<\/span><\/a><span style=\"font-size: 10.5pt; font-family: Arial, sans-serif; color: #202122;\">\u00a0pour le lancement du mouvement patronal Ethic en 1975<\/span><span style=\"font-size: 10.5pt; font-family: Arial, sans-serif; color: #202122;\">, Guy Lardeyret a \u00e9t\u00e9 le collaborateur d\u2019<\/span><a title=\"Alain Madelin\" href=\"https:\/\/www.wikiberal.org\/wiki\/Alain_Madelin\"><span style=\"font-size: 10.5pt; font-family: Arial, sans-serif; color: #0b0080;\">Alain Madelin<\/span><\/a><span style=\"font-size: 10.5pt; font-family: Arial, sans-serif; color: #202122;\">\u00a0(1976 &#8211; 1977), puis charg\u00e9 des \u00e9tudes et de la documentation \u00e0 l\u2019UDF (1978 &#8211; 1981). Il fut le rapporteur du Groupe de travail sur le cumul des mandats (rapport L\u00e9otard) et sur le financement des partis politiques (rapport Rossinot). Puis il a organis\u00e9 la formation d\u2019\u00e9lus locaux en R\u00e9gion \u00cele-de-France &#8211; UDF, RPR et non inscrits &#8211; dans le cadre de l\u2019Institut du citoyen (1982-1986), cofond\u00e9 avec Alain Chevalier, pr\u00e9sident de LVMH<\/span><span style=\"font-size: 10.5pt; font-family: Arial, sans-serif; color: #202122;\">\u00a0et Michel Giraud, pr\u00e9sident de la R\u00e9gion \u00cele-de-France.\u00a0<\/span><\/p><p style=\"margin: 6pt 0cm;\"><span style=\"color: #202122; font-family: Arial, sans-serif;\"><span style=\"caret-color: #000000; font-size: 10.5pt;\">Il a <\/span><span style=\"caret-color: #000000; font-size: 14px;\">fond\u00e9 en 1986<\/span><\/span><span style=\"caret-color: #000000; color: #202122; font-family: Arial, sans-serif; font-size: 10.5pt;\">\u00a0l&rsquo;Institut pour la d\u00e9mocratie, un centre de recherche en sciences politiques, pionnier de l\u2019ing\u00e9nierie d\u00e9mocratique, il donne des recommandations en mati\u00e8re institutionnelle \u00e0 des dirigeants politiques en France et \u00e0 l\u2019\u00e9tranger.\u00a0<\/span><\/p><p style=\"caret-color: #000000; color: #000000; margin: 6pt 0cm; font-size: medium; font-family: Calibri, sans-serif;\"><span style=\"font-size: 10.5pt; font-family: Arial, sans-serif; color: #202122;\">Il a acquis une exp\u00e9rience d\u2019\u00e9lu de terrain, conseiller g\u00e9n\u00e9ral (1994-2008) du canton de Montmirail (Sarthe) et maire du village de Gr\u00e9ez-sur-Roc (1995-2001). En 1993, il a \u00e9t\u00e9 candidat UDF dans la 5e circonscription de la Sarthe (17,5\u00a0% des voix. Il ne s\u2019est pas repr\u00e9sent\u00e9 aux \u00e9lections locales de 2008.<\/span><\/p><p style=\"caret-color: #000000; color: #000000; margin: 6pt 0cm; font-size: medium; font-family: Calibri, sans-serif;\"><span style=\"font-size: 10.5pt; font-family: Arial, sans-serif; color: #202122;\">Il \u00e9crit r\u00e9guli\u00e8rement dans la presse fran\u00e7aise.<\/span><\/p><div style=\"caret-color: #000000; color: #000000; border-width: medium medium 1pt; border-top-style: none; border-right-style: none; border-left-style: none; border-color: currentcolor currentcolor #a2a9b1; padding: 0cm;\"><p style=\"margin: 12pt 0cm 3pt; font-size: 12pt; font-family: Calibri, sans-serif; border: medium; padding: 0cm;\"><span style=\"font-size: 18pt; font-family: Georgia, serif;\">Publication<\/span><\/p><p style=\"margin: 12pt 0cm 3pt; font-size: 12pt; font-family: Calibri, sans-serif; border: medium; padding: 0cm;\"><span style=\"font-size: 10.5pt; font-family: Arial, sans-serif; color: #0b0080;\">1993<\/span><span style=\"text-align: var(--text-align); text-indent: -18pt; font-size: 10.5pt; font-family: Arial, sans-serif; color: #202122;\">, \u00ab\u00a0Constitutions et modes de scrutin, les le\u00e7ons de l\u2019exp\u00e9rience\u00a0\u00bb, Cahiers de la d\u00e9mocratie n\u00b01, 1993.<\/span><\/p><p style=\"margin: 12pt 0cm 3pt; font-size: 12pt; font-family: Calibri, sans-serif; border: medium; padding: 0cm;\"><span lang=\"EN-US\" style=\"font-size: 10.5pt; font-family: Arial, sans-serif; color: #0b0080;\">199<\/span><span lang=\"EN-US\" style=\"font-size: 10.5pt; font-family: Arial, sans-serif; color: #0b0080;\">6<\/span><span lang=\"EN-US\" style=\"text-indent: -18pt; text-align: var(--text-align); font-size: 10.5pt; font-family: Arial, sans-serif; color: #202122;\">, The global resurgence of democracy, The Johns Hopkins University press, (ouvrage collectif)<\/span><\/p><p style=\"margin: 12pt 0cm 3pt; font-size: 12pt; font-family: Calibri, sans-serif; border: medium; padding: 0cm;\"><span lang=\"EN-US\" style=\"font-size: 10.5pt; font-family: Arial, sans-serif; color: #0b0080;\">2<\/span><span lang=\"EN-US\" style=\"font-size: 10.5pt; font-family: Arial, sans-serif; color: #0b0080;\">006<\/span><span lang=\"EN-US\" style=\"text-indent: -18pt; text-align: var(--text-align); font-size: 10.5pt; font-family: Arial, sans-serif; color: #202122;\">, Electoral systems and Democracy, The Johns Hopkins University press, (ouvrage collectif)<\/span><\/p><p style=\"margin: 12pt 0cm 3pt; font-size: 12pt; font-family: Calibri, sans-serif; border: medium; padding: 0cm;\"><span style=\"font-size: 10.5pt; font-family: Arial, sans-serif; color: #0b0080;\">2011<\/span><span style=\"text-indent: -18pt; text-align: var(--text-align); font-size: 10.5pt; font-family: Arial, sans-serif; color: #202122;\">, Relever la France, les dix rem\u00e8des, Institut pour la d\u00e9mocratie<\/span><\/p><p style=\"margin: 12pt 0cm 3pt; font-size: 12pt; font-family: Calibri, sans-serif; border: medium; padding: 0cm;\"><span style=\"font-size: 10.5pt; font-family: Arial, sans-serif; color: #0b0080;\">2016<\/span><span style=\"text-indent: -18pt; text-align: var(--text-align); font-size: 10.5pt; font-family: Arial, sans-serif; color: #202122;\">,\u00a0<i>D\u00e9mocrates, levez-vous\u00a0! L\u2019enjeu de 2017<\/i>, L\u2019Harmattan. R\u00e9\u00e9dit\u00e9 en 2019.<\/span><\/p><\/div><\/div><p><style>\n<!-- \/* Style Definitions *\/ p.MsoNormal, li.MsoNormal, div.MsoNormal {mso-style-unhide:no; mso-style-qformat:yes; mso-style-parent:\"\"; margin:0cm; mso-pagination:widow-orphan; font-size:12.0pt; font-family:\"Calibri\",sans-serif; mso-ascii-font-family:Calibri; mso-ascii-theme-font:minor-latin; mso-fareast-font-family:Calibri; mso-fareast-theme-font:minor-latin; mso-hansi-font-family:Calibri; mso-hansi-theme-font:minor-latin; mso-bidi-font-family:\"Times New Roman\"; mso-bidi-theme-font:minor-bidi; mso-font-kerning:1.0pt; mso-ligatures:standardcontextual; mso-fareast-language:EN-US;} .MsoChpDefault {mso-style-type:export-only; mso-default-props:yes; font-family:\"Calibri\",sans-serif; mso-ascii-font-family:Calibri; mso-ascii-theme-font:minor-latin; mso-fareast-font-family:Calibri; mso-fareast-theme-font:minor-latin; mso-hansi-font-family:Calibri; mso-hansi-theme-font:minor-latin; mso-bidi-font-family:\"Times New Roman\"; mso-bidi-theme-font:minor-bidi; mso-fareast-language:EN-US;} @page WordSection1 {size:612.0pt 792.0pt; margin:70.85pt 70.85pt 70.85pt 70.85pt; mso-header-margin:36.0pt; mso-footer-margin:36.0pt; mso-paper-source:0;} div.WordSection1 {page:WordSection1;} \/* List Definitions *\/ @list l0 {mso-list-id:2059041067; mso-list-template-ids:1474585182;} @list l0:level1 {mso-level-number-format:bullet; mso-level-text:\uf0b7; mso-level-tab-stop:36.0pt; mso-level-number-position:left; text-indent:-18.0pt; mso-ansi-font-size:10.0pt; font-family:Symbol;} @list l0:level2 {mso-level-number-format:bullet; mso-level-text:o; mso-level-tab-stop:72.0pt; mso-level-number-position:left; text-indent:-18.0pt; mso-ansi-font-size:10.0pt; font-family:\"Courier New\"; mso-bidi-font-family:\"Times New Roman\";} @list l0:level3 {mso-level-number-format:bullet; mso-level-text:\uf0a7; mso-level-tab-stop:108.0pt; mso-level-number-position:left; text-indent:-18.0pt; mso-ansi-font-size:10.0pt; font-family:Wingdings;} @list l0:level4 {mso-level-number-format:bullet; mso-level-text:\uf0a7; mso-level-tab-stop:144.0pt; mso-level-number-position:left; text-indent:-18.0pt; mso-ansi-font-size:10.0pt; font-family:Wingdings;} @list l0:level5 {mso-level-number-format:bullet; mso-level-text:\uf0a7; mso-level-tab-stop:180.0pt; mso-level-number-position:left; text-indent:-18.0pt; mso-ansi-font-size:10.0pt; font-family:Wingdings;} @list l0:level6 {mso-level-number-format:bullet; mso-level-text:\uf0a7; mso-level-tab-stop:216.0pt; mso-level-number-position:left; text-indent:-18.0pt; mso-ansi-font-size:10.0pt; font-family:Wingdings;} @list l0:level7 {mso-level-number-format:bullet; mso-level-text:\uf0a7; mso-level-tab-stop:252.0pt; mso-level-number-position:left; text-indent:-18.0pt; mso-ansi-font-size:10.0pt; font-family:Wingdings;} @list l0:level8 {mso-level-number-format:bullet; mso-level-text:\uf0a7; mso-level-tab-stop:288.0pt; mso-level-number-position:left; text-indent:-18.0pt; mso-ansi-font-size:10.0pt; font-family:Wingdings;} @list l0:level9 {mso-level-number-format:bullet; mso-level-text:\uf0a7; mso-level-tab-stop:324.0pt; mso-level-number-position:left; text-indent:-18.0pt; mso-ansi-font-size:10.0pt; font-family:Wingdings;} --><br \/><\/style><\/p>\t\t\t\t\t\t\t\t<\/div>\n\t\t\t\t<\/div>\n\t\t\t\t<\/div>\n\t\t\t\t\t<\/div>\n\t\t\t\t<\/div>\n\t\t\t\t<\/div>\n\t\t","protected":false},"excerpt":{"rendered":"<p>Guy Lardeyret\u00a0est un politologue fran\u00e7ais, pr\u00e9sident de l&rsquo;Institut pour la d\u00e9mocratie, centre de recherche en sciences politiques fond\u00e9 en 1986. \u00a0 Biographie Guy Lardeyret est dipl\u00f4m\u00e9 de l&rsquo;ESCP, MBA de l\u2019universit\u00e9 du Michigan. Il a suivi les enseignements de\u00a0Jean B\u00e6chler\u00a0en philosophie politique, de Jean-Marie Cotteret en sciences de la communication, et de Bernard Owen en [&hellip;]<\/p>\n","protected":false},"author":1,"featured_media":0,"parent":0,"menu_order":0,"comment_status":"closed","ping_status":"closed","template":"","meta":{"footnotes":""},"class_list":["post-199","page","type-page","status-publish","hentry"],"_links":{"self":[{"href":"https:\/\/institutpourlademocratie.com\/index.php?rest_route=\/wp\/v2\/pages\/199","targetHints":{"allow":["GET"]}}],"collection":[{"href":"https:\/\/institutpourlademocratie.com\/index.php?rest_route=\/wp\/v2\/pages"}],"about":[{"href":"https:\/\/institutpourlademocratie.com\/index.php?rest_route=\/wp\/v2\/types\/page"}],"author":[{"embeddable":true,"href":"https:\/\/institutpourlademocratie.com\/index.php?rest_route=\/wp\/v2\/users\/1"}],"replies":[{"embeddable":true,"href":"https:\/\/institutpourlademocratie.com\/index.php?rest_route=%2Fwp%2Fv2%2Fcomments&post=199"}],"version-history":[{"count":20,"href":"https:\/\/institutpourlademocratie.com\/index.php?rest_route=\/wp\/v2\/pages\/199\/revisions"}],"predecessor-version":[{"id":737,"href":"https:\/\/institutpourlademocratie.com\/index.php?rest_route=\/wp\/v2\/pages\/199\/revisions\/737"}],"wp:attachment":[{"href":"https:\/\/institutpourlademocratie.com\/index.php?rest_route=%2Fwp%2Fv2%2Fmedia&parent=199"}],"curies":[{"name":"wp","href":"https:\/\/api.w.org\/{rel}","templated":true}]}}